{"id":12,"date":"2015-03-10T17:21:36","date_gmt":"2015-03-10T16:21:36","guid":{"rendered":"http:\/\/gartenkoelsch.de\/gartenkoelsch\/?page_id=12"},"modified":"2015-07-23T21:16:35","modified_gmt":"2015-07-23T19:16:35","slug":"plegegruppe","status":"publish","type":"page","link":"https:\/\/gartenkoelsch.de\/?page_id=12","title":{"rendered":"Pflegegruppe"},"content":{"rendered":"<p id=\"floatClearer_23905131\"><a href=\"http:\/\/gartenkoelsch.de\/wp-content\/uploads\/2015\/03\/P10207901.jpg\"><img loading=\"lazy\" decoding=\"async\" class=\"alignnone size-full wp-image-181\" src=\"http:\/\/gartenkoelsch.de\/wp-content\/uploads\/2015\/03\/P10207901.jpg\" alt=\"P1020790\" width=\"600\" height=\"279\" srcset=\"https:\/\/gartenkoelsch.de\/wp-content\/uploads\/2015\/03\/P10207901.jpg 600w, https:\/\/gartenkoelsch.de\/wp-content\/uploads\/2015\/03\/P10207901-300x140.jpg 300w\" sizes=\"auto, (max-width: 600px) 100vw, 600px\" \/><\/a><\/p>\n<p>Seit seiner Er\u00f6ffnung im Fr\u00fchjahr 2003 wird die Pflege des Garten K\u00f6lsch von einer Gruppe B\u00fcdinger B\u00fcrger \u00fcbernommen, anf\u00e4nglich begleitet von\u00a0der ausf\u00fchrenden Fachfirma. Heute geh\u00f6ren ihr etwa 15 Personen an, die sich um die Staudenfl\u00e4chen k\u00fcmmern.<\/p>\n<p>Das M\u00e4hen des Rasens\u00a0 und der R\u00fcckschnitt der Pflanzfl\u00e4chen wird von Mitarbeitern des Bauhofs der Stadt B\u00fcdingen gew\u00e4hrleistet In Zeiten knapper \u00f6ffentlicher Kassen war dies Bedingung f\u00fcr die Neu-Entstehung des Garten K\u00f6lsch.<\/p>\n<p>Die Gruppe trifft sich in der Regel im 2-w\u00f6chigen Rhythmus (wenige Ausnahmen) von M\u00e4rz bis etwa Ende Oktober. Nach etwa zwei Stunden Arbeit sind bei angeregten Gespr\u00e4chen die Pflanzfl\u00e4chen ges\u00e4ubert und gej\u00e4tet, Stauden nachgepflanzt oder Blumenzwiebeln gesteckt.<\/p>\n<p><a href=\"http:\/\/gartenkoelsch.de\/wp-content\/uploads\/2015\/03\/P1090208.jpg\"><img loading=\"lazy\" decoding=\"async\" class=\"alignnone size-full wp-image-272\" src=\"http:\/\/gartenkoelsch.de\/wp-content\/uploads\/2015\/03\/P1090208.jpg\" alt=\"P1090208\" width=\"1000\" height=\"668\" srcset=\"https:\/\/gartenkoelsch.de\/wp-content\/uploads\/2015\/03\/P1090208.jpg 1000w, https:\/\/gartenkoelsch.de\/wp-content\/uploads\/2015\/03\/P1090208-300x200.jpg 300w, https:\/\/gartenkoelsch.de\/wp-content\/uploads\/2015\/03\/P1090208-624x417.jpg 624w\" sizes=\"auto, (max-width: 1000px) 100vw, 1000px\" \/><\/a><\/p>\n","protected":false},"excerpt":{"rendered":"<p>Seit seiner Er\u00f6ffnung im Fr\u00fchjahr 2003 wird die Pflege des Garten K\u00f6lsch von einer Gruppe B\u00fcdinger B\u00fcrger \u00fcbernommen, anf\u00e4nglich begleitet von\u00a0der ausf\u00fchrenden Fachfirma. Heute geh\u00f6ren ihr etwa 15 Personen an, die sich um die Staudenfl\u00e4chen k\u00fcmmern. Das M\u00e4hen des Rasens\u00a0 und der R\u00fcckschnitt der Pflanzfl\u00e4chen wird von Mitarbeitern des Bauhofs der Stadt B\u00fcdingen gew\u00e4hrleistet In [&hellip;]<\/p>\n","protected":false},"author":1,"featured_media":0,"parent":0,"menu_order":0,"comment_status":"closed","ping_status":"closed","template":"","meta":{"footnotes":""},"class_list":["post-12","page","type-page","status-publish","hentry"],"_links":{"self":[{"href":"https:\/\/gartenkoelsch.de\/index.php?rest_route=\/wp\/v2\/pages\/12","targetHints":{"allow":["GET"]}}],"collection":[{"href":"https:\/\/gartenkoelsch.de\/index.php?rest_route=\/wp\/v2\/pages"}],"about":[{"href":"https:\/\/gartenkoelsch.de\/index.php?rest_route=\/wp\/v2\/types\/page"}],"author":[{"embeddable":true,"href":"https:\/\/gartenkoelsch.de\/index.php?rest_route=\/wp\/v2\/users\/1"}],"replies":[{"embeddable":true,"href":"https:\/\/gartenkoelsch.de\/index.php?rest_route=%2Fwp%2Fv2%2Fcomments&post=12"}],"version-history":[{"count":19,"href":"https:\/\/gartenkoelsch.de\/index.php?rest_route=\/wp\/v2\/pages\/12\/revisions"}],"predecessor-version":[{"id":273,"href":"https:\/\/gartenkoelsch.de\/index.php?rest_route=\/wp\/v2\/pages\/12\/revisions\/273"}],"wp:attachment":[{"href":"https:\/\/gartenkoelsch.de\/index.php?rest_route=%2Fwp%2Fv2%2Fmedia&parent=12"}],"curies":[{"name":"wp","href":"https:\/\/api.w.org\/{rel}","templated":true}]}}